{"version":"1.0","provider_name":"Cultura de red","provider_url":"https:\/\/www.madrimasd.org\/blogs\/culturadered","author_name":"Jes\u00fas Miguel Flores Vivar","author_url":"https:\/\/www.madrimasd.org\/blogs\/culturadered\/author\/culturared\/","title":"La credibilidad del periodismo...y del periodista - Cultura de red","type":"rich","width":600,"height":338,"html":"<blockquote class=\"wp-embedded-content\" data-secret=\"YMRmQT4kxC\"><a href=\"https:\/\/www.madrimasd.org\/blogs\/culturadered\/la-credibilidad-del-periodismo-y-del-periodista\/\">La credibilidad del periodismo&#8230;y del periodista<\/a><\/blockquote><iframe sandbox=\"allow-scripts\" security=\"restricted\" src=\"https:\/\/www.madrimasd.org\/blogs\/culturadered\/la-credibilidad-del-periodismo-y-del-periodista\/embed\/#?secret=YMRmQT4kxC\" width=\"600\" height=\"338\" title=\"\u00abLa credibilidad del periodismo&#8230;y del periodista\u00bb \u2014 Cultura de red\" data-secret=\"YMRmQT4kxC\" frameborder=\"0\" marginwidth=\"0\" marginheight=\"0\" scrolling=\"no\" class=\"wp-embedded-content\"><\/iframe><script>\n\/*! This file is auto-generated *\/\n!function(c,d){\"use strict\";var e=!1,o=!1;if(d.querySelector)if(c.addEventListener)e=!0;if(c.wp=c.wp||{},c.wp.receiveEmbedMessage);else if(c.wp.receiveEmbedMessage=function(e){var t=e.data;if(!t);else if(!(t.secret||t.message||t.value));else if(\/[^a-zA-Z0-9]\/.test(t.secret));else{for(var r,s,a,i=d.querySelectorAll('iframe[data-secret=\"'+t.secret+'\"]'),n=d.querySelectorAll('blockquote[data-secret=\"'+t.secret+'\"]'),o=new RegExp(\"^https?:$\",\"i\"),l=0;l<n.length;l++)n[l].style.display=\"none\";for(l=0;l<i.length;l++)if(r=i[l],e.source!==r.contentWindow);else{if(r.removeAttribute(\"style\"),\"height\"===t.message){if(1e3<(s=parseInt(t.value,10)))s=1e3;else if(~~s<200)s=200;r.height=s}if(\"link\"===t.message)if(s=d.createElement(\"a\"),a=d.createElement(\"a\"),s.href=r.getAttribute(\"src\"),a.href=t.value,!o.test(a.protocol));else if(a.host===s.host)if(d.activeElement===r)c.top.location.href=t.value}}},e)c.addEventListener(\"message\",c.wp.receiveEmbedMessage,!1),d.addEventListener(\"DOMContentLoaded\",t,!1),c.addEventListener(\"load\",t,!1);function t(){if(o);else{o=!0;for(var e,t,r,s=-1!==navigator.appVersion.indexOf(\"MSIE 10\"),a=!!navigator.userAgent.match(\/Trident.*rv:11\\.\/),i=d.querySelectorAll(\"iframe.wp-embedded-content\"),n=0;n<i.length;n++){if(!(r=(t=i[n]).getAttribute(\"data-secret\")))r=Math.random().toString(36).substr(2,10),t.src+=\"#?secret=\"+r,t.setAttribute(\"data-secret\",r);if(s||a)(e=t.cloneNode(!0)).removeAttribute(\"security\"),t.parentNode.replaceChild(e,t);t.contentWindow.postMessage({message:\"ready\",secret:r},\"*\")}}}}(window,document);\n<\/script>\n","description":"El periodismo necesita de una declaraci\u00f3n de principios para mantener su credibilidad. Primero, est\u00e1 la cuesti\u00f3n de quien es periodista. El debate de siempre ha sido \u00bfes periodista aquella persona que posee el titulo universitario de Licenciatura o Grado en periodismo? O \u00bfes periodista aquella persona que independientemente de su formaci\u00f3n ha sido contratado por un medio de comunicaci\u00f3n? Para muchos, el periodista, en el sentido que ha acompa\u00f1ado al profesional de la informaci\u00f3n \u2013antes oficio period\u00edstico- es una especie en extinci\u00f3n. Una de las razones se da cuando escuchamos y vemos la sordidez con la que algunos profesionales, presentadores\u2026","thumbnail_url":"http:\/\/www.madrimasd.org\/blogs\/culturadered\/files\/2018\/02\/ELFINAL-200x300.jpg"}